{"id":43813,"date":"2022-12-07T12:39:09","date_gmt":"2022-12-07T10:39:09","guid":{"rendered":"https:\/\/www.sttk.fi\/?page_id=43813"},"modified":"2025-12-08T09:46:18","modified_gmt":"2025-12-08T07:46:18","slug":"kompetent-arbetstagare","status":"publish","type":"page","link":"https:\/\/www.sttk.fi\/sv\/kompetent-arbetstagare\/","title":{"rendered":"Kompetent arbetstagare"},"content":{"rendered":"\n<p class=\"lead-paragraph\"><\/p>\n\n\n\n<figure class=\"wp-block-image size-large\"><a href=\"https:\/\/sttk.fi\/wp-content\/uploads\/sites\/2\/2020\/09\/osaaminen-1024x582.png\"><img loading=\"lazy\" decoding=\"async\" width=\"1024\" height=\"582\" src=\"https:\/\/sttk.fi\/wp-content\/uploads\/sites\/2\/2020\/09\/osaaminen-1024x582.png\" alt=\"Osaaminen\" class=\"wp-image-28132\" srcset=\"https:\/\/www.sttk.fi\/wp-content\/uploads\/sites\/2\/2020\/09\/osaaminen-1024x582.png 1024w, https:\/\/www.sttk.fi\/wp-content\/uploads\/sites\/2\/2020\/09\/osaaminen-300x171.png 300w, https:\/\/www.sttk.fi\/wp-content\/uploads\/sites\/2\/2020\/09\/osaaminen-768x437.png 768w, https:\/\/www.sttk.fi\/wp-content\/uploads\/sites\/2\/2020\/09\/osaaminen-1400x796.png 1400w, https:\/\/www.sttk.fi\/wp-content\/uploads\/sites\/2\/2020\/09\/osaaminen-992x564.png 992w, https:\/\/www.sttk.fi\/wp-content\/uploads\/sites\/2\/2020\/09\/osaaminen-14x8.png 14w, https:\/\/www.sttk.fi\/wp-content\/uploads\/sites\/2\/2020\/09\/osaaminen.png 1407w\" sizes=\"auto, (max-width: 1024px) 100vw, 1024px\" \/><\/a><\/figure>\n\n\n\n<p>Finlands konkurrenskraft, produktivitetstillv\u00e4xten i arbetslivet samt det ekonomiska v\u00e4lst\u00e5ndet grundar sig p\u00e5 kompetens.<\/p>\n\n\n\n<p>D\u00e4rf\u00f6r \u00e4r kompetensen central n\u00e4r man talar om syssels\u00e4ttning, omstrukturering av branscher eller arbetsh\u00e4lsa. Kompetens \u00e4r ocks\u00e5 det b\u00e4sta svaret p\u00e5 omst\u00e4llningen i arbetslivet orsakad av klimatf\u00f6r\u00e4ndringen och den tekniska utvecklingen.<\/p>\n\n\n\n<p>Arbetsgemenskapen m\u00e5r bra och fungerar produktivt n\u00e4r alla dess medlemmars kompetens \u00e4r i ordning och samarbetet leder till resultat som ingen ensam skulle kunna n\u00e5. Genom kompetensutveckling skapas nya b\u00e4ttre produkter och arbetsmetoder i arbetsgemenskaperna.<\/p>\n\n\n\n<h2 class=\"wp-block-heading\">Stimulera arbetet f\u00f6r att \u00f6ka kompetensen<\/h2>\n\n\n\n<p>Kompetensen hos ungef\u00e4r en miljon finl\u00e4ndare i arbetsf\u00f6r \u00e5lder kr\u00e4ver en uppdatering. Allt fler finl\u00e4ndare vill ocks\u00e5 utbilda sig och byta karri\u00e4r under sin yrkeskarri\u00e4r.<\/p>\n\n\n\n<p>Arbetsplatsen \u00e4r en central plats f\u00f6r l\u00e4rande. Arbetet ska uppmuntra till \u00f6kat kunnande, m\u00f6jligg\u00f6ra och bel\u00f6na utnyttjande av ny kompetens. Arbetslivets lagstiftning och avtal b\u00f6r st\u00f6dja alla arbetstagargruppers m\u00f6jligheter att uppdatera sin kompetens oberoende av k\u00f6n, \u00e5lder och arbetsuppgifter. Varje arbetstagares utbildningsbehov b\u00f6r bed\u00f6mas regelbundet med hj\u00e4lp av personliga kompetenskartl\u00e4ggningar. Arbetsgivaren ska \u00e5rligen g\u00f6ra upp en omfattande utbildningsplan f\u00f6r hela arbetsplatsen.<\/p>\n\n\n\n<p>Ett st\u00f6rre deltagande i utbildning efter examen under arbetskarri\u00e4ren skulle p\u00e5skynda kompetensutvecklingen \u00e4ven p\u00e5 arbetsplatserna. Tr\u00f6skeln f\u00f6r att s\u00f6ka till utbildning m\u00e5ste d\u00e4rf\u00f6r s\u00e4nkas. Studief\u00f6rm\u00e5nerna ska trygga en tillr\u00e4cklig utkomst under studierna i olika situationer i livet.<\/p>\n\n\n\n<h2 class=\"wp-block-heading\">Utveckling av utbildningssystemet<\/h2>\n\n\n\n<p>L\u00e5ngsiktig utveckling av och resurstilldelning till utbildningssystemet l\u00e4gger grunden f\u00f6r kunskap och l\u00e4rande. Barns och ungdomars v\u00e4lf\u00e4rd, f\u00f6rskolepedagogik, grundl\u00e4ggande utbildning samt utbildning p\u00e5 andra stadiet och eftergymnasial utbildning m\u00e5ste forts\u00e4ttningsvis vara f\u00f6rem\u00e5l f\u00f6r starka investeringar. Att satsa p\u00e5 kunskap st\u00e4rker syssels\u00e4ttningen, f\u00f6rhindrar marginalisering och f\u00f6rb\u00e4ttrar j\u00e4mst\u00e4lldheten och j\u00e4mlikheten i samh\u00e4llet.<\/p>\n","protected":false},"excerpt":{"rendered":"Finlands konkurrenskraft, produktivitetstillv\u00e4xten i arbetslivet samt det ekonomiska v\u00e4lst\u00e5ndet grundar sig p\u00e5 kompetens. D\u00e4rf\u00f6r \u00e4r kompetensen central n\u00e4r&#8230; ","protected":false},"author":13,"featured_media":0,"parent":0,"menu_order":0,"comment_status":"closed","ping_status":"closed","template":"","meta":{"_acf_changed":false,"footnotes":""},"subject":[],"class_list":["post-43813","page","type-page","status-publish","hentry"],"acf":{"lead_paragraph":""},"yoast_head":"<!-- This site is optimized with the Yoast SEO plugin v27.5 - https:\/\/yoast.com\/product\/yoast-seo-wordpress\/ -->\n<title>Kompetent arbetstagare - STTK<\/title>\n<meta name=\"robots\" content=\"index, follow, max-snippet:-1, max-image-preview:large, max-video-preview:-1\" \/>\n<link rel=\"canonical\" href=\"https:\/\/www.sttk.fi\/sv\/kompetent-arbetstagare\/\" \/>\n<meta property=\"og:locale\" content=\"sv_SE\" \/>\n<meta property=\"og:type\" content=\"article\" \/>\n<meta property=\"og:title\" content=\"Kompetent arbetstagare - STTK\" \/>\n<meta property=\"og:description\" content=\"Finlands konkurrenskraft, produktivitetstillv\u00e4xten i arbetslivet samt det ekonomiska v\u00e4lst\u00e5ndet grundar sig p\u00e5 kompetens. D\u00e4rf\u00f6r \u00e4r kompetensen central n\u00e4r...\" \/>\n<meta property=\"og:url\" content=\"https:\/\/www.sttk.fi\/sv\/kompetent-arbetstagare\/\" \/>\n<meta property=\"og:site_name\" content=\"STTK\" \/>\n<meta property=\"article:publisher\" content=\"https:\/\/www.facebook.com\/#%21%2fKeskusjarjestoSTTK\" \/>\n<meta property=\"article:modified_time\" content=\"2025-12-08T07:46:18+00:00\" \/>\n<meta property=\"og:image\" content=\"https:\/\/www.sttk.fi\/wp-content\/uploads\/sites\/2\/2020\/09\/osaaminen.png\" \/>\n\t<meta property=\"og:image:width\" content=\"1407\" \/>\n\t<meta property=\"og:image:height\" content=\"800\" \/>\n\t<meta property=\"og:image:type\" content=\"image\/png\" \/>\n<meta name=\"twitter:card\" content=\"summary_large_image\" \/>\n<meta name=\"twitter:site\" content=\"@STTKMikonkatu\" \/>\n<meta name=\"twitter:label1\" content=\"Est. reading time\" \/>\n\t<meta name=\"twitter:data1\" content=\"2 minuter\" \/>\n<script type=\"application\/ld+json\" class=\"yoast-schema-graph\">{\"@context\":\"https:\\\/\\\/schema.org\",\"@graph\":[{\"@type\":\"WebPage\",\"@id\":\"https:\\\/\\\/www.sttk.fi\\\/sv\\\/kompetent-arbetstagare\\\/\",\"url\":\"https:\\\/\\\/www.sttk.fi\\\/sv\\\/kompetent-arbetstagare\\\/\",\"name\":\"Kompetent arbetstagare - STTK\",\"isPartOf\":{\"@id\":\"https:\\\/\\\/www.sttk.fi\\\/#website\"},\"primaryImageOfPage\":{\"@id\":\"https:\\\/\\\/www.sttk.fi\\\/sv\\\/kompetent-arbetstagare\\\/#primaryimage\"},\"image\":{\"@id\":\"https:\\\/\\\/www.sttk.fi\\\/sv\\\/kompetent-arbetstagare\\\/#primaryimage\"},\"thumbnailUrl\":\"https:\\\/\\\/sttk.fi\\\/wp-content\\\/uploads\\\/sites\\\/2\\\/2020\\\/09\\\/osaaminen-1024x582.png\",\"datePublished\":\"2022-12-07T10:39:09+00:00\",\"dateModified\":\"2025-12-08T07:46:18+00:00\",\"breadcrumb\":{\"@id\":\"https:\\\/\\\/www.sttk.fi\\\/sv\\\/kompetent-arbetstagare\\\/#breadcrumb\"},\"inLanguage\":\"sv-SE\",\"potentialAction\":[{\"@type\":\"ReadAction\",\"target\":[\"https:\\\/\\\/www.sttk.fi\\\/sv\\\/kompetent-arbetstagare\\\/\"]}]},{\"@type\":\"ImageObject\",\"inLanguage\":\"sv-SE\",\"@id\":\"https:\\\/\\\/www.sttk.fi\\\/sv\\\/kompetent-arbetstagare\\\/#primaryimage\",\"url\":\"https:\\\/\\\/sttk.fi\\\/wp-content\\\/uploads\\\/sites\\\/2\\\/2020\\\/09\\\/osaaminen-1024x582.png\",\"contentUrl\":\"https:\\\/\\\/sttk.fi\\\/wp-content\\\/uploads\\\/sites\\\/2\\\/2020\\\/09\\\/osaaminen-1024x582.png\"},{\"@type\":\"BreadcrumbList\",\"@id\":\"https:\\\/\\\/www.sttk.fi\\\/sv\\\/kompetent-arbetstagare\\\/#breadcrumb\",\"itemListElement\":[{\"@type\":\"ListItem\",\"position\":1,\"name\":\"Home\",\"item\":\"https:\\\/\\\/www.sttk.fi\\\/sv\\\/\"},{\"@type\":\"ListItem\",\"position\":2,\"name\":\"Kompetent arbetstagare\"}]},{\"@type\":\"WebSite\",\"@id\":\"https:\\\/\\\/www.sttk.fi\\\/#website\",\"url\":\"https:\\\/\\\/www.sttk.fi\\\/\",\"name\":\"STTK\",\"description\":\"\",\"publisher\":{\"@id\":\"https:\\\/\\\/www.sttk.fi\\\/#organization\"},\"potentialAction\":[{\"@type\":\"SearchAction\",\"target\":{\"@type\":\"EntryPoint\",\"urlTemplate\":\"https:\\\/\\\/www.sttk.fi\\\/?s={search_term_string}\"},\"query-input\":{\"@type\":\"PropertyValueSpecification\",\"valueRequired\":true,\"valueName\":\"search_term_string\"}}],\"inLanguage\":\"sv-SE\"},{\"@type\":\"Organization\",\"@id\":\"https:\\\/\\\/www.sttk.fi\\\/#organization\",\"name\":\"STTK\",\"url\":\"https:\\\/\\\/www.sttk.fi\\\/\",\"logo\":{\"@type\":\"ImageObject\",\"inLanguage\":\"sv-SE\",\"@id\":\"https:\\\/\\\/www.sttk.fi\\\/#\\\/schema\\\/logo\\\/image\\\/\",\"url\":\"https:\\\/\\\/www.sttk.fi\\\/wp-content\\\/uploads\\\/sites\\\/2\\\/2025\\\/12\\\/vector3.svg\",\"contentUrl\":\"https:\\\/\\\/www.sttk.fi\\\/wp-content\\\/uploads\\\/sites\\\/2\\\/2025\\\/12\\\/vector3.svg\",\"caption\":\"STTK\"},\"image\":{\"@id\":\"https:\\\/\\\/www.sttk.fi\\\/#\\\/schema\\\/logo\\\/image\\\/\"},\"sameAs\":[\"https:\\\/\\\/www.facebook.com\\\/#!\\\/KeskusjarjestoSTTK\",\"https:\\\/\\\/x.com\\\/STTKMikonkatu\",\"http:\\\/\\\/www.youtube.com\\\/user\\\/protoimihenkilot\"]}]}<\/script>\n<!-- \/ Yoast SEO plugin. -->","yoast_head_json":{"title":"Kompetent arbetstagare - STTK","robots":{"index":"index","follow":"follow","max-snippet":"max-snippet:-1","max-image-preview":"max-image-preview:large","max-video-preview":"max-video-preview:-1"},"canonical":"https:\/\/www.sttk.fi\/sv\/kompetent-arbetstagare\/","og_locale":"sv_SE","og_type":"article","og_title":"Kompetent arbetstagare - STTK","og_description":"Finlands konkurrenskraft, produktivitetstillv\u00e4xten i arbetslivet samt det ekonomiska v\u00e4lst\u00e5ndet grundar sig p\u00e5 kompetens. D\u00e4rf\u00f6r \u00e4r kompetensen central n\u00e4r...","og_url":"https:\/\/www.sttk.fi\/sv\/kompetent-arbetstagare\/","og_site_name":"STTK","article_publisher":"https:\/\/www.facebook.com\/#%21%2fKeskusjarjestoSTTK","article_modified_time":"2025-12-08T07:46:18+00:00","og_image":[{"width":1407,"height":800,"url":"https:\/\/www.sttk.fi\/wp-content\/uploads\/sites\/2\/2020\/09\/osaaminen.png","type":"image\/png"}],"twitter_card":"summary_large_image","twitter_site":"@STTKMikonkatu","twitter_misc":{"Est. reading time":"2 minuter"},"schema":{"@context":"https:\/\/schema.org","@graph":[{"@type":"WebPage","@id":"https:\/\/www.sttk.fi\/sv\/kompetent-arbetstagare\/","url":"https:\/\/www.sttk.fi\/sv\/kompetent-arbetstagare\/","name":"Kompetent arbetstagare - STTK","isPartOf":{"@id":"https:\/\/www.sttk.fi\/#website"},"primaryImageOfPage":{"@id":"https:\/\/www.sttk.fi\/sv\/kompetent-arbetstagare\/#primaryimage"},"image":{"@id":"https:\/\/www.sttk.fi\/sv\/kompetent-arbetstagare\/#primaryimage"},"thumbnailUrl":"https:\/\/sttk.fi\/wp-content\/uploads\/sites\/2\/2020\/09\/osaaminen-1024x582.png","datePublished":"2022-12-07T10:39:09+00:00","dateModified":"2025-12-08T07:46:18+00:00","breadcrumb":{"@id":"https:\/\/www.sttk.fi\/sv\/kompetent-arbetstagare\/#breadcrumb"},"inLanguage":"sv-SE","potentialAction":[{"@type":"ReadAction","target":["https:\/\/www.sttk.fi\/sv\/kompetent-arbetstagare\/"]}]},{"@type":"ImageObject","inLanguage":"sv-SE","@id":"https:\/\/www.sttk.fi\/sv\/kompetent-arbetstagare\/#primaryimage","url":"https:\/\/sttk.fi\/wp-content\/uploads\/sites\/2\/2020\/09\/osaaminen-1024x582.png","contentUrl":"https:\/\/sttk.fi\/wp-content\/uploads\/sites\/2\/2020\/09\/osaaminen-1024x582.png"},{"@type":"BreadcrumbList","@id":"https:\/\/www.sttk.fi\/sv\/kompetent-arbetstagare\/#breadcrumb","itemListElement":[{"@type":"ListItem","position":1,"name":"Home","item":"https:\/\/www.sttk.fi\/sv\/"},{"@type":"ListItem","position":2,"name":"Kompetent arbetstagare"}]},{"@type":"WebSite","@id":"https:\/\/www.sttk.fi\/#website","url":"https:\/\/www.sttk.fi\/","name":"STTK","description":"","publisher":{"@id":"https:\/\/www.sttk.fi\/#organization"},"potentialAction":[{"@type":"SearchAction","target":{"@type":"EntryPoint","urlTemplate":"https:\/\/www.sttk.fi\/?s={search_term_string}"},"query-input":{"@type":"PropertyValueSpecification","valueRequired":true,"valueName":"search_term_string"}}],"inLanguage":"sv-SE"},{"@type":"Organization","@id":"https:\/\/www.sttk.fi\/#organization","name":"STTK","url":"https:\/\/www.sttk.fi\/","logo":{"@type":"ImageObject","inLanguage":"sv-SE","@id":"https:\/\/www.sttk.fi\/#\/schema\/logo\/image\/","url":"https:\/\/www.sttk.fi\/wp-content\/uploads\/sites\/2\/2025\/12\/vector3.svg","contentUrl":"https:\/\/www.sttk.fi\/wp-content\/uploads\/sites\/2\/2025\/12\/vector3.svg","caption":"STTK"},"image":{"@id":"https:\/\/www.sttk.fi\/#\/schema\/logo\/image\/"},"sameAs":["https:\/\/www.facebook.com\/#!\/KeskusjarjestoSTTK","https:\/\/x.com\/STTKMikonkatu","http:\/\/www.youtube.com\/user\/protoimihenkilot"]}]}},"_links":{"self":[{"href":"https:\/\/www.sttk.fi\/sv\/wp-json\/wp\/v2\/pages\/43813","targetHints":{"allow":["GET"]}}],"collection":[{"href":"https:\/\/www.sttk.fi\/sv\/wp-json\/wp\/v2\/pages"}],"about":[{"href":"https:\/\/www.sttk.fi\/sv\/wp-json\/wp\/v2\/types\/page"}],"author":[{"embeddable":true,"href":"https:\/\/www.sttk.fi\/sv\/wp-json\/wp\/v2\/users\/13"}],"replies":[{"embeddable":true,"href":"https:\/\/www.sttk.fi\/sv\/wp-json\/wp\/v2\/comments?post=43813"}],"version-history":[{"count":3,"href":"https:\/\/www.sttk.fi\/sv\/wp-json\/wp\/v2\/pages\/43813\/revisions"}],"predecessor-version":[{"id":55414,"href":"https:\/\/www.sttk.fi\/sv\/wp-json\/wp\/v2\/pages\/43813\/revisions\/55414"}],"wp:attachment":[{"href":"https:\/\/www.sttk.fi\/sv\/wp-json\/wp\/v2\/media?parent=43813"}],"wp:term":[{"taxonomy":"subject","embeddable":true,"href":"https:\/\/www.sttk.fi\/sv\/wp-json\/wp\/v2\/subject?post=43813"}],"curies":[{"name":"wp","href":"https:\/\/api.w.org\/{rel}","templated":true}]}}