{"id":21423,"date":"2019-06-17T13:41:51","date_gmt":"2019-06-17T10:41:51","guid":{"rendered":"https:\/\/sttk.qa.web-veistamo.fi\/?page_id=21423"},"modified":"2025-12-08T09:45:44","modified_gmt":"2025-12-08T07:45:44","slug":"vad-behovs-fackforbunden-till","status":"publish","type":"page","link":"https:\/\/www.sttk.fi\/sv\/vad-behovs-fackforbunden-till\/","title":{"rendered":"Vad beh\u00f6vs fackf\u00f6rbunden till?"},"content":{"rendered":"\n<p>Medlemskap i ett fackf\u00f6rbund \u00e4r b\u00e5de en f\u00f6rm\u00e5n och en m\u00f6jlighet f\u00f6r varje arbetstagare. Medlemskapet ger trygghet n\u00e4r allt inom arbetslivet inte g\u00e5r som p\u00e5 Str\u00f6ms\u00f6. Fackf\u00f6rbunden f\u00f6rhandlar om l\u00f6ner och andra arbetsvillkor, och hj\u00e4lper sina medlemmar vid tolkning av lagar och avtal. Vid behov kan fackf\u00f6rbunden erbjuda sina medlemmar kostnadsfri r\u00e4ttshj\u00e4lp. Fackf\u00f6rbundens medlemmar f\u00e5r dessutom professionell intressebevakning, utbildning, inkomstrelaterat arbetsl\u00f6shetsst\u00f6d, samt hj\u00e4lp och bist\u00e5nd via f\u00f6rtroendem\u00e4nnen och arbetsskyddombudet p\u00e5 sin arbetsplats.<\/p>\n\n\n\n<figure class=\"wp-block-image size-large\"><img loading=\"lazy\" decoding=\"async\" width=\"1024\" height=\"683\" src=\"https:\/\/sttk.fi\/wp-content\/uploads\/sites\/2\/2020\/08\/maria-hagman-1024x683.jpg\" alt=\"Maria-Haggman\" class=\"wp-image-27387\" srcset=\"https:\/\/www.sttk.fi\/wp-content\/uploads\/sites\/2\/2020\/08\/maria-hagman-1024x683.jpg 1024w, https:\/\/www.sttk.fi\/wp-content\/uploads\/sites\/2\/2020\/08\/maria-hagman-300x200.jpg 300w, https:\/\/www.sttk.fi\/wp-content\/uploads\/sites\/2\/2020\/08\/maria-hagman-768x512.jpg 768w, https:\/\/www.sttk.fi\/wp-content\/uploads\/sites\/2\/2020\/08\/maria-hagman-1400x933.jpg 1400w, https:\/\/www.sttk.fi\/wp-content\/uploads\/sites\/2\/2020\/08\/maria-hagman-992x661.jpg 992w, https:\/\/www.sttk.fi\/wp-content\/uploads\/sites\/2\/2020\/08\/maria-hagman-14x8.jpg 14w, https:\/\/www.sttk.fi\/wp-content\/uploads\/sites\/2\/2020\/08\/maria-hagman.jpg 1500w\" sizes=\"auto, (max-width: 1024px) 100vw, 1024px\" \/><\/figure>\n\n\n\n<p>Fackf\u00f6rbunden arbetar f\u00f6r att se till att v\u00e5ra, i m\u00e5nga fall etablerade f\u00f6rm\u00e5ner som till exempel 8-timmars arbetstid, \u00e5rsledigheter och \u00f6vertidskompensation ska g\u00e4lla \u00e4ven i framtiden. Majoriteten av de finska l\u00f6ntagarna h\u00f6r till n\u00e5got fackf\u00f6rbund och en arbetsl\u00f6shetskassa inom sin egen bransch. L\u00f6ntagarnas styrka och kraft v\u00e4xer uttryckligen ur detta samarbete: en representant som f\u00f6r talan f\u00f6r tusentals, och till och med tiotusentals arbetstagare har st\u00f6rre tyngd vid f\u00f6rhandlingar \u00e4n vad de enskilda arbetstagarna skulle ha.<\/p>\n\n\n\n<p>Det finska arbetslivet bygger p\u00e5 avtal och f\u00f6rlikning. Grunden f\u00f6r v\u00e5ra finska \u00f6verenskommelser grundar sig p\u00e5 de avtal som skapas av den Internationella arbetsorganisationen ILO g\u00e4llande arbetslivets allm\u00e4nna \u00f6verenskommelser och rekommendationer. I Finland \u00e4r hela arbetslivslagstiftningen ett resultat av v\u00e5ra fackorganisationers l\u00e5ngsiktiga p\u00e5verkningsarbete. F\u00f6r att vi effektivt ska kunna driva l\u00f6ntagarnas sak kr\u00e4vs det att vi har ett fungerande samarbete mellan l\u00f6ntagar- och arbetsgivarorganisationer, statsmakt och andra intressegrupper. Tillsammans bygger vi upp ett Finland d\u00e4r alla ska uppleva att det k\u00e4nns bra att arbeta, bo och leva.<\/p>\n","protected":false},"excerpt":{"rendered":"Medlemskap i ett fackf\u00f6rbund \u00e4r b\u00e5de en f\u00f6rm\u00e5n och en m\u00f6jlighet f\u00f6r varje arbetstagare. Medlemskapet ger trygghet n\u00e4r&#8230; ","protected":false},"author":9,"featured_media":21424,"parent":0,"menu_order":6,"comment_status":"closed","ping_status":"closed","template":"","meta":{"_acf_changed":false,"footnotes":""},"subject":[194,220,192,227],"class_list":["post-21423","page","type-page","status-publish","has-post-thumbnail","hentry","subject-arbetsmarknadsorganisationer","subject-fackforbund","subject-forhandlande","subject-organisering"],"acf":{"lead_paragraph":""},"yoast_head":"<!-- This site is optimized with the Yoast SEO plugin v27.5 - https:\/\/yoast.com\/product\/yoast-seo-wordpress\/ -->\n<title>Vad beh\u00f6vs fackf\u00f6rbunden till? - STTK<\/title>\n<meta name=\"robots\" content=\"index, follow, max-snippet:-1, max-image-preview:large, max-video-preview:-1\" \/>\n<link rel=\"canonical\" href=\"https:\/\/www.sttk.fi\/sv\/vad-behovs-fackforbunden-till\/\" \/>\n<meta property=\"og:locale\" content=\"sv_SE\" \/>\n<meta property=\"og:type\" content=\"article\" \/>\n<meta property=\"og:title\" content=\"Vad beh\u00f6vs fackf\u00f6rbunden till? - STTK\" \/>\n<meta property=\"og:description\" content=\"Medlemskap i ett fackf\u00f6rbund \u00e4r b\u00e5de en f\u00f6rm\u00e5n och en m\u00f6jlighet f\u00f6r varje arbetstagare. Medlemskapet ger trygghet n\u00e4r...\" \/>\n<meta property=\"og:url\" content=\"https:\/\/www.sttk.fi\/sv\/vad-behovs-fackforbunden-till\/\" \/>\n<meta property=\"og:site_name\" content=\"STTK\" \/>\n<meta property=\"article:publisher\" content=\"https:\/\/www.facebook.com\/#%21%2fKeskusjarjestoSTTK\" \/>\n<meta property=\"article:modified_time\" content=\"2025-12-08T07:45:44+00:00\" \/>\n<meta property=\"og:image\" content=\"https:\/\/www.sttk.fi\/wp-content\/uploads\/sites\/2\/2018\/11\/sopiminen.jpg\" \/>\n\t<meta property=\"og:image:width\" content=\"1200\" \/>\n\t<meta property=\"og:image:height\" content=\"800\" \/>\n\t<meta property=\"og:image:type\" content=\"image\/jpeg\" \/>\n<meta name=\"twitter:card\" content=\"summary_large_image\" \/>\n<meta name=\"twitter:site\" content=\"@STTKMikonkatu\" \/>\n<meta name=\"twitter:label1\" content=\"Est. reading time\" \/>\n\t<meta name=\"twitter:data1\" content=\"1 minut\" \/>\n<script type=\"application\/ld+json\" class=\"yoast-schema-graph\">{\"@context\":\"https:\\\/\\\/schema.org\",\"@graph\":[{\"@type\":\"WebPage\",\"@id\":\"https:\\\/\\\/www.sttk.fi\\\/sv\\\/vad-behovs-fackforbunden-till\\\/\",\"url\":\"https:\\\/\\\/www.sttk.fi\\\/sv\\\/vad-behovs-fackforbunden-till\\\/\",\"name\":\"Vad beh\u00f6vs fackf\u00f6rbunden till? - STTK\",\"isPartOf\":{\"@id\":\"https:\\\/\\\/www.sttk.fi\\\/#website\"},\"primaryImageOfPage\":{\"@id\":\"https:\\\/\\\/www.sttk.fi\\\/sv\\\/vad-behovs-fackforbunden-till\\\/#primaryimage\"},\"image\":{\"@id\":\"https:\\\/\\\/www.sttk.fi\\\/sv\\\/vad-behovs-fackforbunden-till\\\/#primaryimage\"},\"thumbnailUrl\":\"https:\\\/\\\/www.sttk.fi\\\/wp-content\\\/uploads\\\/sites\\\/2\\\/2018\\\/11\\\/sopiminen.jpg\",\"datePublished\":\"2019-06-17T10:41:51+00:00\",\"dateModified\":\"2025-12-08T07:45:44+00:00\",\"breadcrumb\":{\"@id\":\"https:\\\/\\\/www.sttk.fi\\\/sv\\\/vad-behovs-fackforbunden-till\\\/#breadcrumb\"},\"inLanguage\":\"sv-SE\",\"potentialAction\":[{\"@type\":\"ReadAction\",\"target\":[\"https:\\\/\\\/www.sttk.fi\\\/sv\\\/vad-behovs-fackforbunden-till\\\/\"]}]},{\"@type\":\"ImageObject\",\"inLanguage\":\"sv-SE\",\"@id\":\"https:\\\/\\\/www.sttk.fi\\\/sv\\\/vad-behovs-fackforbunden-till\\\/#primaryimage\",\"url\":\"https:\\\/\\\/www.sttk.fi\\\/wp-content\\\/uploads\\\/sites\\\/2\\\/2018\\\/11\\\/sopiminen.jpg\",\"contentUrl\":\"https:\\\/\\\/www.sttk.fi\\\/wp-content\\\/uploads\\\/sites\\\/2\\\/2018\\\/11\\\/sopiminen.jpg\",\"width\":1200,\"height\":800},{\"@type\":\"BreadcrumbList\",\"@id\":\"https:\\\/\\\/www.sttk.fi\\\/sv\\\/vad-behovs-fackforbunden-till\\\/#breadcrumb\",\"itemListElement\":[{\"@type\":\"ListItem\",\"position\":1,\"name\":\"Home\",\"item\":\"https:\\\/\\\/www.sttk.fi\\\/sv\\\/\"},{\"@type\":\"ListItem\",\"position\":2,\"name\":\"Vad beh\u00f6vs fackf\u00f6rbunden till?\"}]},{\"@type\":\"WebSite\",\"@id\":\"https:\\\/\\\/www.sttk.fi\\\/#website\",\"url\":\"https:\\\/\\\/www.sttk.fi\\\/\",\"name\":\"STTK\",\"description\":\"\",\"publisher\":{\"@id\":\"https:\\\/\\\/www.sttk.fi\\\/#organization\"},\"potentialAction\":[{\"@type\":\"SearchAction\",\"target\":{\"@type\":\"EntryPoint\",\"urlTemplate\":\"https:\\\/\\\/www.sttk.fi\\\/?s={search_term_string}\"},\"query-input\":{\"@type\":\"PropertyValueSpecification\",\"valueRequired\":true,\"valueName\":\"search_term_string\"}}],\"inLanguage\":\"sv-SE\"},{\"@type\":\"Organization\",\"@id\":\"https:\\\/\\\/www.sttk.fi\\\/#organization\",\"name\":\"STTK\",\"url\":\"https:\\\/\\\/www.sttk.fi\\\/\",\"logo\":{\"@type\":\"ImageObject\",\"inLanguage\":\"sv-SE\",\"@id\":\"https:\\\/\\\/www.sttk.fi\\\/#\\\/schema\\\/logo\\\/image\\\/\",\"url\":\"https:\\\/\\\/www.sttk.fi\\\/wp-content\\\/uploads\\\/sites\\\/2\\\/2025\\\/12\\\/vector3.svg\",\"contentUrl\":\"https:\\\/\\\/www.sttk.fi\\\/wp-content\\\/uploads\\\/sites\\\/2\\\/2025\\\/12\\\/vector3.svg\",\"caption\":\"STTK\"},\"image\":{\"@id\":\"https:\\\/\\\/www.sttk.fi\\\/#\\\/schema\\\/logo\\\/image\\\/\"},\"sameAs\":[\"https:\\\/\\\/www.facebook.com\\\/#!\\\/KeskusjarjestoSTTK\",\"https:\\\/\\\/x.com\\\/STTKMikonkatu\",\"http:\\\/\\\/www.youtube.com\\\/user\\\/protoimihenkilot\"]}]}<\/script>\n<!-- \/ Yoast SEO plugin. -->","yoast_head_json":{"title":"Vad beh\u00f6vs fackf\u00f6rbunden till? - STTK","robots":{"index":"index","follow":"follow","max-snippet":"max-snippet:-1","max-image-preview":"max-image-preview:large","max-video-preview":"max-video-preview:-1"},"canonical":"https:\/\/www.sttk.fi\/sv\/vad-behovs-fackforbunden-till\/","og_locale":"sv_SE","og_type":"article","og_title":"Vad beh\u00f6vs fackf\u00f6rbunden till? - STTK","og_description":"Medlemskap i ett fackf\u00f6rbund \u00e4r b\u00e5de en f\u00f6rm\u00e5n och en m\u00f6jlighet f\u00f6r varje arbetstagare. Medlemskapet ger trygghet n\u00e4r...","og_url":"https:\/\/www.sttk.fi\/sv\/vad-behovs-fackforbunden-till\/","og_site_name":"STTK","article_publisher":"https:\/\/www.facebook.com\/#%21%2fKeskusjarjestoSTTK","article_modified_time":"2025-12-08T07:45:44+00:00","og_image":[{"width":1200,"height":800,"url":"https:\/\/www.sttk.fi\/wp-content\/uploads\/sites\/2\/2018\/11\/sopiminen.jpg","type":"image\/jpeg"}],"twitter_card":"summary_large_image","twitter_site":"@STTKMikonkatu","twitter_misc":{"Est. reading time":"1 minut"},"schema":{"@context":"https:\/\/schema.org","@graph":[{"@type":"WebPage","@id":"https:\/\/www.sttk.fi\/sv\/vad-behovs-fackforbunden-till\/","url":"https:\/\/www.sttk.fi\/sv\/vad-behovs-fackforbunden-till\/","name":"Vad beh\u00f6vs fackf\u00f6rbunden till? - STTK","isPartOf":{"@id":"https:\/\/www.sttk.fi\/#website"},"primaryImageOfPage":{"@id":"https:\/\/www.sttk.fi\/sv\/vad-behovs-fackforbunden-till\/#primaryimage"},"image":{"@id":"https:\/\/www.sttk.fi\/sv\/vad-behovs-fackforbunden-till\/#primaryimage"},"thumbnailUrl":"https:\/\/www.sttk.fi\/wp-content\/uploads\/sites\/2\/2018\/11\/sopiminen.jpg","datePublished":"2019-06-17T10:41:51+00:00","dateModified":"2025-12-08T07:45:44+00:00","breadcrumb":{"@id":"https:\/\/www.sttk.fi\/sv\/vad-behovs-fackforbunden-till\/#breadcrumb"},"inLanguage":"sv-SE","potentialAction":[{"@type":"ReadAction","target":["https:\/\/www.sttk.fi\/sv\/vad-behovs-fackforbunden-till\/"]}]},{"@type":"ImageObject","inLanguage":"sv-SE","@id":"https:\/\/www.sttk.fi\/sv\/vad-behovs-fackforbunden-till\/#primaryimage","url":"https:\/\/www.sttk.fi\/wp-content\/uploads\/sites\/2\/2018\/11\/sopiminen.jpg","contentUrl":"https:\/\/www.sttk.fi\/wp-content\/uploads\/sites\/2\/2018\/11\/sopiminen.jpg","width":1200,"height":800},{"@type":"BreadcrumbList","@id":"https:\/\/www.sttk.fi\/sv\/vad-behovs-fackforbunden-till\/#breadcrumb","itemListElement":[{"@type":"ListItem","position":1,"name":"Home","item":"https:\/\/www.sttk.fi\/sv\/"},{"@type":"ListItem","position":2,"name":"Vad beh\u00f6vs fackf\u00f6rbunden till?"}]},{"@type":"WebSite","@id":"https:\/\/www.sttk.fi\/#website","url":"https:\/\/www.sttk.fi\/","name":"STTK","description":"","publisher":{"@id":"https:\/\/www.sttk.fi\/#organization"},"potentialAction":[{"@type":"SearchAction","target":{"@type":"EntryPoint","urlTemplate":"https:\/\/www.sttk.fi\/?s={search_term_string}"},"query-input":{"@type":"PropertyValueSpecification","valueRequired":true,"valueName":"search_term_string"}}],"inLanguage":"sv-SE"},{"@type":"Organization","@id":"https:\/\/www.sttk.fi\/#organization","name":"STTK","url":"https:\/\/www.sttk.fi\/","logo":{"@type":"ImageObject","inLanguage":"sv-SE","@id":"https:\/\/www.sttk.fi\/#\/schema\/logo\/image\/","url":"https:\/\/www.sttk.fi\/wp-content\/uploads\/sites\/2\/2025\/12\/vector3.svg","contentUrl":"https:\/\/www.sttk.fi\/wp-content\/uploads\/sites\/2\/2025\/12\/vector3.svg","caption":"STTK"},"image":{"@id":"https:\/\/www.sttk.fi\/#\/schema\/logo\/image\/"},"sameAs":["https:\/\/www.facebook.com\/#!\/KeskusjarjestoSTTK","https:\/\/x.com\/STTKMikonkatu","http:\/\/www.youtube.com\/user\/protoimihenkilot"]}]}},"_links":{"self":[{"href":"https:\/\/www.sttk.fi\/sv\/wp-json\/wp\/v2\/pages\/21423","targetHints":{"allow":["GET"]}}],"collection":[{"href":"https:\/\/www.sttk.fi\/sv\/wp-json\/wp\/v2\/pages"}],"about":[{"href":"https:\/\/www.sttk.fi\/sv\/wp-json\/wp\/v2\/types\/page"}],"author":[{"embeddable":true,"href":"https:\/\/www.sttk.fi\/sv\/wp-json\/wp\/v2\/users\/9"}],"replies":[{"embeddable":true,"href":"https:\/\/www.sttk.fi\/sv\/wp-json\/wp\/v2\/comments?post=21423"}],"version-history":[{"count":3,"href":"https:\/\/www.sttk.fi\/sv\/wp-json\/wp\/v2\/pages\/21423\/revisions"}],"predecessor-version":[{"id":55369,"href":"https:\/\/www.sttk.fi\/sv\/wp-json\/wp\/v2\/pages\/21423\/revisions\/55369"}],"wp:featuredmedia":[{"embeddable":true,"href":"https:\/\/www.sttk.fi\/sv\/wp-json\/wp\/v2\/media\/21424"}],"wp:attachment":[{"href":"https:\/\/www.sttk.fi\/sv\/wp-json\/wp\/v2\/media?parent=21423"}],"wp:term":[{"taxonomy":"subject","embeddable":true,"href":"https:\/\/www.sttk.fi\/sv\/wp-json\/wp\/v2\/subject?post=21423"}],"curies":[{"name":"wp","href":"https:\/\/api.w.org\/{rel}","templated":true}]}}