{"id":2084,"date":"2019-06-17T12:00:40","date_gmt":"2019-06-17T09:00:40","guid":{"rendered":"http:\/\/sttk.qa.web-veistamo.fi\/?page_id=2084"},"modified":"2025-12-08T09:45:36","modified_gmt":"2025-12-08T07:45:36","slug":"paatoksenteko-ja-valmistelu","status":"publish","type":"page","link":"https:\/\/www.sttk.fi\/sv\/paatoksenteko-ja-valmistelu\/","title":{"rendered":"Beslutsfattning och beredning"},"content":{"rendered":"\n<p>Fackf\u00f6reningsr\u00f6relsens verksamhet bygger p\u00e5 principerna f\u00f6r en representativ demokrati. Varje akt\u00f6r som deltar i centralorganisationens beslutsfattning har genom val utsetts f\u00f6r sitt uppdrag, och har d\u00e4rmed f\u00e5tt sitt befullm\u00e4ktigande av medlemsk\u00e5ren i det egna f\u00f6rbundet.<\/p>\n\n\n\n<h2 class=\"wp-block-heading\">Representantskap och styrelse<\/h2>\n\n\n\n<p>STTK:s <a href=\"https:\/\/sttk.fi\/wp-content\/uploads\/sites\/2\/2021\/01\/sttk_edustajiston_jasenet_ja_yleisvarajasenet_2017-2021_1-1-2021_alk.pdf\" target=\"_blank\" rel=\"noreferrer noopener\">representantskap<\/a> som best\u00e5r av 60 medlemmar sitter p\u00e5 den h\u00f6gsta beslutande makten. Representantskapet fastst\u00e4ller f\u00f6rbundets centrala riktlinjer. Det sammantr\u00e4der tv\u00e5 g\u00e5nger om \u00e5ret, och har en verksamhetsperiod p\u00e5 fyra \u00e5r. Representantskapets konstituerande m\u00f6te v\u00e4ljer STTK:s ordf\u00f6rande och styrelse, samt representantskapets ordf\u00f6randeskap.<\/p>\n\n\n\n<p>STTK:s <a href=\"https:\/\/sttk.fi\/wp-content\/uploads\/sites\/2\/2021\/01\/sttk-hallitus-2017-2021-1-1-2021-alk.pdf\" target=\"_blank\" rel=\"noreferrer noopener\">styrelse<\/a> \u00e4r inf\u00f6r representantskapet ansvarig f\u00f6r f\u00f6rbundets verksamhet. Styrelsen bereder de \u00e4renden som representantskapet behandlar, och den verkst\u00e4ller representantskapets beslut. Styrelsen godk\u00e4nner de f\u00f6rhandlingsresultat som n\u00e5s inom STTK:s f\u00f6rhandlingsverksamhet. Den fattar \u00e4ven beslut som g\u00e4ller verksamheten vid STTK:s byr\u00e5. Styrelsen sammantr\u00e4der m\u00e5natligen. Styrelsens arbetsutskott som best\u00e5r av delegater fr\u00e5n STTK:s st\u00f6rsta fackf\u00f6rbund deltar i beredningen av styrelsens \u00e4renden.<\/p>\n\n\n\n<h2 class=\"wp-block-heading\">Byr\u00e5n<\/h2>\n\n\n\n<p>STTK:s byr\u00e5 \u00e4r f\u00f6rbundsordf\u00f6randes \u201dverktyg\u201d inom intressebevakning, f\u00f6rhandlingar och samh\u00e4llsp\u00e5verkning. Byr\u00e5ns personal best\u00e5r av experter inom olika omr\u00e5den, och de har som uppgift att f\u00f6rverkliga styrelsens linjedragningar. Dessutom har STTK kommitt\u00e9er och beredningsgrupper som best\u00e5r av experter fr\u00e5n de olika fackf\u00f6rbunden. Kommitt\u00e9erna och beredningsgrupperna behandlar och bereder olika \u00e4renden som g\u00e4ller intressebevakning och f\u00f6rbundets verksamhet.<\/p>\n\n\n\n<figure class=\"wp-block-image size-large\"><img loading=\"lazy\" decoding=\"async\" width=\"1024\" height=\"673\" src=\"https:\/\/sttk.fi\/wp-content\/uploads\/sites\/2\/2020\/08\/antti-palola-1024x673.jpg\" alt=\"Antti Palola\" class=\"wp-image-27342\" srcset=\"https:\/\/www.sttk.fi\/wp-content\/uploads\/sites\/2\/2020\/08\/antti-palola-1024x673.jpg 1024w, https:\/\/www.sttk.fi\/wp-content\/uploads\/sites\/2\/2020\/08\/antti-palola-300x197.jpg 300w, https:\/\/www.sttk.fi\/wp-content\/uploads\/sites\/2\/2020\/08\/antti-palola-768x505.jpg 768w, https:\/\/www.sttk.fi\/wp-content\/uploads\/sites\/2\/2020\/08\/antti-palola-992x652.jpg 992w, https:\/\/www.sttk.fi\/wp-content\/uploads\/sites\/2\/2020\/08\/antti-palola-14x8.jpg 14w, https:\/\/www.sttk.fi\/wp-content\/uploads\/sites\/2\/2020\/08\/antti-palola.jpg 1200w\" sizes=\"auto, (max-width: 1024px) 100vw, 1024px\" \/><\/figure>\n","protected":false},"excerpt":{"rendered":"Fackf\u00f6reningsr\u00f6relsens verksamhet bygger p\u00e5 principerna f\u00f6r en representativ demokrati. Varje akt\u00f6r som deltar i centralorganisationens beslutsfattning har genom&#8230; ","protected":false},"author":3,"featured_media":18700,"parent":0,"menu_order":0,"comment_status":"closed","ping_status":"closed","template":"","meta":{"_acf_changed":false,"footnotes":""},"subject":[],"class_list":["post-2084","page","type-page","status-publish","has-post-thumbnail","hentry"],"acf":{"lead_paragraph":""},"yoast_head":"<!-- This site is optimized with the Yoast SEO plugin v27.5 - https:\/\/yoast.com\/product\/yoast-seo-wordpress\/ -->\n<title>P\u00e4\u00e4t\u00f6ksenteko ja valmistelu rakentuu edustukselliselle demokratialle<\/title>\n<meta name=\"description\" content=\"Ylint\u00e4 p\u00e4\u00e4t\u00f6svaltaa STTK:ssa k\u00e4ytt\u00e4\u00e4 60-j\u00e4seninen edustajisto, joka m\u00e4\u00e4ritt\u00e4\u00e4 j\u00e4rjest\u00f6n toiminnan t\u00e4rkeimm\u00e4t suuntaviivat. Edustajisto kokoontuu kaksi kertaa vuodessa ja sen toimikausi on nelj\u00e4 vuotta. STTK:n 26-j\u00e4seninen hallitus vastaa toiminnasta edustajistolle. STTK:n p\u00e4\u00e4t\u00f6ksenteko ja valmistelu.\" \/>\n<meta name=\"robots\" content=\"index, follow, max-snippet:-1, max-image-preview:large, max-video-preview:-1\" \/>\n<link rel=\"canonical\" href=\"https:\/\/www.sttk.fi\/sv\/paatoksenteko-ja-valmistelu\/\" \/>\n<meta property=\"og:locale\" content=\"sv_SE\" \/>\n<meta property=\"og:type\" content=\"article\" \/>\n<meta property=\"og:title\" content=\"P\u00e4\u00e4t\u00f6ksenteko ja valmistelu rakentuu edustukselliselle demokratialle\" \/>\n<meta property=\"og:description\" content=\"Ylint\u00e4 p\u00e4\u00e4t\u00f6svaltaa STTK:ssa k\u00e4ytt\u00e4\u00e4 60-j\u00e4seninen edustajisto, joka m\u00e4\u00e4ritt\u00e4\u00e4 j\u00e4rjest\u00f6n toiminnan t\u00e4rkeimm\u00e4t suuntaviivat. Edustajisto kokoontuu kaksi kertaa vuodessa ja sen toimikausi on nelj\u00e4 vuotta. STTK:n 26-j\u00e4seninen hallitus vastaa toiminnasta edustajistolle. STTK:n p\u00e4\u00e4t\u00f6ksenteko ja valmistelu.\" \/>\n<meta property=\"og:url\" content=\"https:\/\/www.sttk.fi\/sv\/paatoksenteko-ja-valmistelu\/\" \/>\n<meta property=\"og:site_name\" content=\"STTK\" \/>\n<meta property=\"article:publisher\" content=\"https:\/\/www.facebook.com\/#%21%2fKeskusjarjestoSTTK\" \/>\n<meta property=\"article:modified_time\" content=\"2025-12-08T07:45:36+00:00\" \/>\n<meta property=\"og:image\" content=\"https:\/\/www.sttk.fi\/wp-content\/uploads\/sites\/2\/2018\/11\/Palola_edustajisto.jpg\" \/>\n\t<meta property=\"og:image:width\" content=\"1000\" \/>\n\t<meta property=\"og:image:height\" content=\"666\" \/>\n\t<meta property=\"og:image:type\" content=\"image\/jpeg\" \/>\n<meta name=\"twitter:card\" content=\"summary_large_image\" \/>\n<meta name=\"twitter:site\" content=\"@STTKMikonkatu\" \/>\n<meta name=\"twitter:label1\" content=\"Est. reading time\" \/>\n\t<meta name=\"twitter:data1\" content=\"2 minuter\" \/>\n<script type=\"application\/ld+json\" class=\"yoast-schema-graph\">{\"@context\":\"https:\\\/\\\/schema.org\",\"@graph\":[{\"@type\":\"WebPage\",\"@id\":\"https:\\\/\\\/www.sttk.fi\\\/sv\\\/paatoksenteko-ja-valmistelu\\\/\",\"url\":\"https:\\\/\\\/www.sttk.fi\\\/sv\\\/paatoksenteko-ja-valmistelu\\\/\",\"name\":\"P\u00e4\u00e4t\u00f6ksenteko ja valmistelu rakentuu edustukselliselle demokratialle\",\"isPartOf\":{\"@id\":\"https:\\\/\\\/www.sttk.fi\\\/#website\"},\"primaryImageOfPage\":{\"@id\":\"https:\\\/\\\/www.sttk.fi\\\/sv\\\/paatoksenteko-ja-valmistelu\\\/#primaryimage\"},\"image\":{\"@id\":\"https:\\\/\\\/www.sttk.fi\\\/sv\\\/paatoksenteko-ja-valmistelu\\\/#primaryimage\"},\"thumbnailUrl\":\"https:\\\/\\\/www.sttk.fi\\\/wp-content\\\/uploads\\\/sites\\\/2\\\/2018\\\/11\\\/Palola_edustajisto.jpg\",\"datePublished\":\"2019-06-17T09:00:40+00:00\",\"dateModified\":\"2025-12-08T07:45:36+00:00\",\"description\":\"Ylint\u00e4 p\u00e4\u00e4t\u00f6svaltaa STTK:ssa k\u00e4ytt\u00e4\u00e4 60-j\u00e4seninen edustajisto, joka m\u00e4\u00e4ritt\u00e4\u00e4 j\u00e4rjest\u00f6n toiminnan t\u00e4rkeimm\u00e4t suuntaviivat. Edustajisto kokoontuu kaksi kertaa vuodessa ja sen toimikausi on nelj\u00e4 vuotta. STTK:n 26-j\u00e4seninen hallitus vastaa toiminnasta edustajistolle. STTK:n p\u00e4\u00e4t\u00f6ksenteko ja valmistelu.\",\"breadcrumb\":{\"@id\":\"https:\\\/\\\/www.sttk.fi\\\/sv\\\/paatoksenteko-ja-valmistelu\\\/#breadcrumb\"},\"inLanguage\":\"sv-SE\",\"potentialAction\":[{\"@type\":\"ReadAction\",\"target\":[\"https:\\\/\\\/www.sttk.fi\\\/sv\\\/paatoksenteko-ja-valmistelu\\\/\"]}]},{\"@type\":\"ImageObject\",\"inLanguage\":\"sv-SE\",\"@id\":\"https:\\\/\\\/www.sttk.fi\\\/sv\\\/paatoksenteko-ja-valmistelu\\\/#primaryimage\",\"url\":\"https:\\\/\\\/www.sttk.fi\\\/wp-content\\\/uploads\\\/sites\\\/2\\\/2018\\\/11\\\/Palola_edustajisto.jpg\",\"contentUrl\":\"https:\\\/\\\/www.sttk.fi\\\/wp-content\\\/uploads\\\/sites\\\/2\\\/2018\\\/11\\\/Palola_edustajisto.jpg\",\"width\":1000,\"height\":666,\"caption\":\"Uusi puheenjohtaja Antti Palola STTK:n edustajakokouksessa Helsingiss\u00e4, 5. joulukuuta 2013. LEHTIKUVA \\\/ MARTTI KAINULAINEN\"},{\"@type\":\"BreadcrumbList\",\"@id\":\"https:\\\/\\\/www.sttk.fi\\\/sv\\\/paatoksenteko-ja-valmistelu\\\/#breadcrumb\",\"itemListElement\":[{\"@type\":\"ListItem\",\"position\":1,\"name\":\"Home\",\"item\":\"https:\\\/\\\/www.sttk.fi\\\/sv\\\/\"},{\"@type\":\"ListItem\",\"position\":2,\"name\":\"Beslutsfattning och beredning\"}]},{\"@type\":\"WebSite\",\"@id\":\"https:\\\/\\\/www.sttk.fi\\\/#website\",\"url\":\"https:\\\/\\\/www.sttk.fi\\\/\",\"name\":\"STTK\",\"description\":\"\",\"publisher\":{\"@id\":\"https:\\\/\\\/www.sttk.fi\\\/#organization\"},\"potentialAction\":[{\"@type\":\"SearchAction\",\"target\":{\"@type\":\"EntryPoint\",\"urlTemplate\":\"https:\\\/\\\/www.sttk.fi\\\/?s={search_term_string}\"},\"query-input\":{\"@type\":\"PropertyValueSpecification\",\"valueRequired\":true,\"valueName\":\"search_term_string\"}}],\"inLanguage\":\"sv-SE\"},{\"@type\":\"Organization\",\"@id\":\"https:\\\/\\\/www.sttk.fi\\\/#organization\",\"name\":\"STTK\",\"url\":\"https:\\\/\\\/www.sttk.fi\\\/\",\"logo\":{\"@type\":\"ImageObject\",\"inLanguage\":\"sv-SE\",\"@id\":\"https:\\\/\\\/www.sttk.fi\\\/#\\\/schema\\\/logo\\\/image\\\/\",\"url\":\"https:\\\/\\\/www.sttk.fi\\\/wp-content\\\/uploads\\\/sites\\\/2\\\/2025\\\/12\\\/vector3.svg\",\"contentUrl\":\"https:\\\/\\\/www.sttk.fi\\\/wp-content\\\/uploads\\\/sites\\\/2\\\/2025\\\/12\\\/vector3.svg\",\"caption\":\"STTK\"},\"image\":{\"@id\":\"https:\\\/\\\/www.sttk.fi\\\/#\\\/schema\\\/logo\\\/image\\\/\"},\"sameAs\":[\"https:\\\/\\\/www.facebook.com\\\/#!\\\/KeskusjarjestoSTTK\",\"https:\\\/\\\/x.com\\\/STTKMikonkatu\",\"http:\\\/\\\/www.youtube.com\\\/user\\\/protoimihenkilot\"]}]}<\/script>\n<!-- \/ Yoast SEO plugin. -->","yoast_head_json":{"title":"P\u00e4\u00e4t\u00f6ksenteko ja valmistelu rakentuu edustukselliselle demokratialle","description":"Ylint\u00e4 p\u00e4\u00e4t\u00f6svaltaa STTK:ssa k\u00e4ytt\u00e4\u00e4 60-j\u00e4seninen edustajisto, joka m\u00e4\u00e4ritt\u00e4\u00e4 j\u00e4rjest\u00f6n toiminnan t\u00e4rkeimm\u00e4t suuntaviivat. Edustajisto kokoontuu kaksi kertaa vuodessa ja sen toimikausi on nelj\u00e4 vuotta. STTK:n 26-j\u00e4seninen hallitus vastaa toiminnasta edustajistolle. STTK:n p\u00e4\u00e4t\u00f6ksenteko ja valmistelu.","robots":{"index":"index","follow":"follow","max-snippet":"max-snippet:-1","max-image-preview":"max-image-preview:large","max-video-preview":"max-video-preview:-1"},"canonical":"https:\/\/www.sttk.fi\/sv\/paatoksenteko-ja-valmistelu\/","og_locale":"sv_SE","og_type":"article","og_title":"P\u00e4\u00e4t\u00f6ksenteko ja valmistelu rakentuu edustukselliselle demokratialle","og_description":"Ylint\u00e4 p\u00e4\u00e4t\u00f6svaltaa STTK:ssa k\u00e4ytt\u00e4\u00e4 60-j\u00e4seninen edustajisto, joka m\u00e4\u00e4ritt\u00e4\u00e4 j\u00e4rjest\u00f6n toiminnan t\u00e4rkeimm\u00e4t suuntaviivat. Edustajisto kokoontuu kaksi kertaa vuodessa ja sen toimikausi on nelj\u00e4 vuotta. STTK:n 26-j\u00e4seninen hallitus vastaa toiminnasta edustajistolle. STTK:n p\u00e4\u00e4t\u00f6ksenteko ja valmistelu.","og_url":"https:\/\/www.sttk.fi\/sv\/paatoksenteko-ja-valmistelu\/","og_site_name":"STTK","article_publisher":"https:\/\/www.facebook.com\/#%21%2fKeskusjarjestoSTTK","article_modified_time":"2025-12-08T07:45:36+00:00","og_image":[{"width":1000,"height":666,"url":"https:\/\/www.sttk.fi\/wp-content\/uploads\/sites\/2\/2018\/11\/Palola_edustajisto.jpg","type":"image\/jpeg"}],"twitter_card":"summary_large_image","twitter_site":"@STTKMikonkatu","twitter_misc":{"Est. reading time":"2 minuter"},"schema":{"@context":"https:\/\/schema.org","@graph":[{"@type":"WebPage","@id":"https:\/\/www.sttk.fi\/sv\/paatoksenteko-ja-valmistelu\/","url":"https:\/\/www.sttk.fi\/sv\/paatoksenteko-ja-valmistelu\/","name":"P\u00e4\u00e4t\u00f6ksenteko ja valmistelu rakentuu edustukselliselle demokratialle","isPartOf":{"@id":"https:\/\/www.sttk.fi\/#website"},"primaryImageOfPage":{"@id":"https:\/\/www.sttk.fi\/sv\/paatoksenteko-ja-valmistelu\/#primaryimage"},"image":{"@id":"https:\/\/www.sttk.fi\/sv\/paatoksenteko-ja-valmistelu\/#primaryimage"},"thumbnailUrl":"https:\/\/www.sttk.fi\/wp-content\/uploads\/sites\/2\/2018\/11\/Palola_edustajisto.jpg","datePublished":"2019-06-17T09:00:40+00:00","dateModified":"2025-12-08T07:45:36+00:00","description":"Ylint\u00e4 p\u00e4\u00e4t\u00f6svaltaa STTK:ssa k\u00e4ytt\u00e4\u00e4 60-j\u00e4seninen edustajisto, joka m\u00e4\u00e4ritt\u00e4\u00e4 j\u00e4rjest\u00f6n toiminnan t\u00e4rkeimm\u00e4t suuntaviivat. Edustajisto kokoontuu kaksi kertaa vuodessa ja sen toimikausi on nelj\u00e4 vuotta. STTK:n 26-j\u00e4seninen hallitus vastaa toiminnasta edustajistolle. STTK:n p\u00e4\u00e4t\u00f6ksenteko ja valmistelu.","breadcrumb":{"@id":"https:\/\/www.sttk.fi\/sv\/paatoksenteko-ja-valmistelu\/#breadcrumb"},"inLanguage":"sv-SE","potentialAction":[{"@type":"ReadAction","target":["https:\/\/www.sttk.fi\/sv\/paatoksenteko-ja-valmistelu\/"]}]},{"@type":"ImageObject","inLanguage":"sv-SE","@id":"https:\/\/www.sttk.fi\/sv\/paatoksenteko-ja-valmistelu\/#primaryimage","url":"https:\/\/www.sttk.fi\/wp-content\/uploads\/sites\/2\/2018\/11\/Palola_edustajisto.jpg","contentUrl":"https:\/\/www.sttk.fi\/wp-content\/uploads\/sites\/2\/2018\/11\/Palola_edustajisto.jpg","width":1000,"height":666,"caption":"Uusi puheenjohtaja Antti Palola STTK:n edustajakokouksessa Helsingiss\u00e4, 5. joulukuuta 2013. LEHTIKUVA \/ MARTTI KAINULAINEN"},{"@type":"BreadcrumbList","@id":"https:\/\/www.sttk.fi\/sv\/paatoksenteko-ja-valmistelu\/#breadcrumb","itemListElement":[{"@type":"ListItem","position":1,"name":"Home","item":"https:\/\/www.sttk.fi\/sv\/"},{"@type":"ListItem","position":2,"name":"Beslutsfattning och beredning"}]},{"@type":"WebSite","@id":"https:\/\/www.sttk.fi\/#website","url":"https:\/\/www.sttk.fi\/","name":"STTK","description":"","publisher":{"@id":"https:\/\/www.sttk.fi\/#organization"},"potentialAction":[{"@type":"SearchAction","target":{"@type":"EntryPoint","urlTemplate":"https:\/\/www.sttk.fi\/?s={search_term_string}"},"query-input":{"@type":"PropertyValueSpecification","valueRequired":true,"valueName":"search_term_string"}}],"inLanguage":"sv-SE"},{"@type":"Organization","@id":"https:\/\/www.sttk.fi\/#organization","name":"STTK","url":"https:\/\/www.sttk.fi\/","logo":{"@type":"ImageObject","inLanguage":"sv-SE","@id":"https:\/\/www.sttk.fi\/#\/schema\/logo\/image\/","url":"https:\/\/www.sttk.fi\/wp-content\/uploads\/sites\/2\/2025\/12\/vector3.svg","contentUrl":"https:\/\/www.sttk.fi\/wp-content\/uploads\/sites\/2\/2025\/12\/vector3.svg","caption":"STTK"},"image":{"@id":"https:\/\/www.sttk.fi\/#\/schema\/logo\/image\/"},"sameAs":["https:\/\/www.facebook.com\/#!\/KeskusjarjestoSTTK","https:\/\/x.com\/STTKMikonkatu","http:\/\/www.youtube.com\/user\/protoimihenkilot"]}]}},"_links":{"self":[{"href":"https:\/\/www.sttk.fi\/sv\/wp-json\/wp\/v2\/pages\/2084","targetHints":{"allow":["GET"]}}],"collection":[{"href":"https:\/\/www.sttk.fi\/sv\/wp-json\/wp\/v2\/pages"}],"about":[{"href":"https:\/\/www.sttk.fi\/sv\/wp-json\/wp\/v2\/types\/page"}],"author":[{"embeddable":true,"href":"https:\/\/www.sttk.fi\/sv\/wp-json\/wp\/v2\/users\/3"}],"replies":[{"embeddable":true,"href":"https:\/\/www.sttk.fi\/sv\/wp-json\/wp\/v2\/comments?post=2084"}],"version-history":[{"count":10,"href":"https:\/\/www.sttk.fi\/sv\/wp-json\/wp\/v2\/pages\/2084\/revisions"}],"predecessor-version":[{"id":55354,"href":"https:\/\/www.sttk.fi\/sv\/wp-json\/wp\/v2\/pages\/2084\/revisions\/55354"}],"wp:featuredmedia":[{"embeddable":true,"href":"https:\/\/www.sttk.fi\/sv\/wp-json\/wp\/v2\/media\/18700"}],"wp:attachment":[{"href":"https:\/\/www.sttk.fi\/sv\/wp-json\/wp\/v2\/media?parent=2084"}],"wp:term":[{"taxonomy":"subject","embeddable":true,"href":"https:\/\/www.sttk.fi\/sv\/wp-json\/wp\/v2\/subject?post=2084"}],"curies":[{"name":"wp","href":"https:\/\/api.w.org\/{rel}","templated":true}]}}